{"id":1636,"date":"2022-04-26T17:09:58","date_gmt":"2022-04-26T15:09:58","guid":{"rendered":"https:\/\/www.legilaboris.cat\/avis-legal\/"},"modified":"2024-09-24T16:22:09","modified_gmt":"2024-09-24T14:22:09","slug":"avis-legal","status":"publish","type":"page","link":"https:\/\/www.legilaboris.cat\/ca\/avis-legal\/","title":{"rendered":"Av\u00ed\u00ads Legal"},"content":{"rendered":"\t\t<div data-elementor-type=\"wp-page\" data-elementor-id=\"1636\" class=\"elementor elementor-1636 elementor-167\" data-elementor-post-type=\"page\">\n\t\t\t\t<div class=\"elementor-element elementor-element-168b2ef8 e-flex e-con-boxed e-con e-parent\" data-id=\"168b2ef8\" data-element_type=\"container\">\n\t\t\t\t\t<div class=\"e-con-inner\">\n\t\t\t\t<div class=\"elementor-element elementor-element-3579d302 elementor-widget elementor-widget-text-editor\" data-id=\"3579d302\" data-element_type=\"widget\" data-widget_type=\"text-editor.default\">\n\t\t\t\t<div class=\"elementor-widget-container\">\n\t\t\t\t\t\t\t\t\t<h2>Quin \u00e9s l\u2019objectiu d\u2019aquest av\u00eds legal?<\/h2>\n<p>Des de <strong>LEGI LABORIS, S.L.P.<\/strong>, (d\u2019ara endavant, \u201cLEGI LABORIS\u201d, \u201cnosaltres\u201d, \u201cel nostre\/s, la nostra\/s\u201d, \u201cens\u201d) volem oferir-te, com a usuari (d\u2019ara endavant, \u201cUsuari\u201d, \u201ctu\u201d, \u201ca tu\u201d i \u201cteu\/va\u201d), una experi\u00e8ncia de navegaci\u00f3 i un servei segur i de confian\u00e7a en la nostra p\u00e0gina web amb domini <a href=\"https:\/\/www.legilaboris.cat\/ca\/\">https:\/\/www.legilaboris.cat<\/a> (&#8220;P\u00e0gina Web&#8221;).<\/p>\n<p>Per aix\u00f2, hem implementat el present Av\u00eds Legal, que compleix amb la Llei 34\/2002, d\u201911 de juliol, de serveis de la societat de la informaci\u00f3 i de comer\u00e7 electr\u00f2nic (<strong>\u201cLSSICE\u201d<\/strong>), tot aix\u00f2 amb l\u2019objectiu de garantir la teva seguretat i ser transparents amb l\u2019\u00fas de la nostra P\u00e0gina Web. Aquesta P\u00e0gina Web \u00e9s de la nostra titularitat i, a continuaci\u00f3, et facilitem les nostres dades identificatives:<\/p>\n<p style=\"padding-left: 40px;\"><strong>LEGI LABORIS, S.L.P.<\/strong><br data-rich-text-line-break=\"true\" \/><strong>CIF:<\/strong> B67504886<br data-rich-text-line-break=\"true\" \/><strong>Domicili social: <\/strong>C\/ Narc\u00ed\u00ads Giralt, 5, 08202 Sabadell (Barcelona, Espanya)<br data-rich-text-line-break=\"true\" \/><strong>Correu electr\u00f2nic de contacte:<\/strong> <a href=\"mailto:info@legilaboris.cat\">info@legilaboris.cat<\/a><br data-rich-text-line-break=\"true\" \/><strong data-rich-text-format-boundary=\"true\">Correu electr\u00f2nic en mat\u00e8ria de protecci\u00f3 de dades personals:<\/strong> <a href=\"mailto:pd@legilaboris.cat\">pd@legilaboris.cat<\/a><br data-rich-text-line-break=\"true\" \/><strong>Tel\u00e8fon de contacte:<\/strong> 93 725 01 00<br data-rich-text-line-break=\"true\" \/><strong>Dades registrals:<\/strong> Registre Mercantil de Barcelona, Tom 47073, Foli 121, Fulla B-540204, inscripci\u00f3 primera.<\/p>\n<p>Per a qualsevol dubte que tinguis, pots contactar amb nosaltres, ja sigui via correu electr\u00f2nic, tel\u00e8fon, o, a la nostra adre\u00e7a f\u00edsica.<\/p>\n<p>El present Av\u00eds Legal regula l\u2019acc\u00e9s, la navegaci\u00f3 i l\u2019\u00fas de la nostra P\u00e0gina Web. La navegaci\u00f3 en la P\u00e0gina Web implica que, com a Usuari, coneixes i acceptes les disposicions del present Av\u00eds Legal, els termes del qual tenen la mateixa validesa i vig\u00e8ncia que qualsevol contracte escrit i signat. Si no est\u00e0s d\u2019acord amb els termes aqu\u00ed exposats, no accedeixis ni naveguis per la nostra P\u00e0gina Web.<\/p>\n<p>LEGI LABORIS es reserva el dret a fer, en qualsevol moment i sense previ av\u00eds, qualsevol modificaci\u00f3 o actualitzaci\u00f3 dels continguts d\u2019aquest Av\u00eds Legal i, en general, de qualsevol dels seus elements, incl\u00f2s el disseny i la disposici\u00f3.<\/p>\n<h2>Quins serveis i continguts s\u2019ofereixen en la p\u00e0gina web?<\/h2>\n<p>La present P\u00e0gina Web pret\u00e9n presentar a LEGI LABORIS i els serveis que ofereix. Es tracta d\u2019un despatx d\u2019advocats multidisciplinari altament especialitzat en l\u2019\u00e0mbit de Dret Laboral i de la Seguretat Social, amb especial dedicaci\u00f3 al particular, treballador, i a la petita i mitjana empresa.<\/p>\n<p>En la nostra P\u00e0gina Web, trobar\u00e0s informaci\u00f3 sobre qui som, quines s\u00f3n les nostres \u00e0rees d\u2019especialitzaci\u00f3, el nostre equip de professionals i una altra informaci\u00f3 d\u2019especial inter\u00e8s.<\/p>\n<h2>La Propietat Intel\u00b7lectual<\/h2>\n<p>LEGI LABORIS \u00e9s el propietari o t\u00e9 les llic\u00e8ncies corresponents sobre els drets d\u2019explotaci\u00f3 dels drets de propietat intel\u00b7lectual de la P\u00e0gina Web, aix\u00ed com els drets de propietat intel\u00b7lectual sobre la seva informaci\u00f3, materials i contingut, inclosos, entre altres, el codi font, els dissenys, l\u2019estructura de navegaci\u00f3, imatges, gr\u00e0fics, m\u00fasica, so, fotografies, v\u00eddeos i textos escrits en qualsevol idioma, aix\u00ed com codis de programaci\u00f3.<\/p>\n<p>En cap cas s\u2019entendr\u00e0 que l\u2019acc\u00e9s, la navegaci\u00f3 i l\u2019\u00fas de la P\u00e0gina Web per part de l\u2019Usuari implica una ren\u00fancia, transfer\u00e8ncia, llic\u00e8ncia o transfer\u00e8ncia total o parcial de qualsevol dret de propietat intel\u00b7lectual per part de LEGI LABORIS.<\/p>\n<p>Cap contingut de la P\u00e0gina Web podr\u00e0 ser modificat, copiat, distribu\u00eft, emmarcat, reprodu\u00eft, republicat, descarregat, extret, mostrat, publicat, transferit o venut de cap manera o per cap mitj\u00e0, \u00edntegrament o en part, sense el previ consentiment per escrit de LEGI LABORIS. Qualsevol altre \u00fas del contingut de la P\u00e0gina Web tamb\u00e9 queda totalment prohibit, amb l\u2019\u00fanica excepci\u00f3 de l\u2019\u00fas estrictament dom\u00e8stic.<\/p>\n<p>Es prohibeix expressament usar, sense previ consentiment per escrit, qualsevol element de la P\u00e0gina Web que estigui subjecte a protecci\u00f3 en virtut de la legislaci\u00f3 actual en mat\u00e8ria de drets de propietat intel\u00b7lectual. En particular, no podran usar-se les marques comercials, noms comercials, r\u00e8tols, treballs, noms, logos, esl\u00f2gans o qualsevol tipus de signe distintiu que pertanyi a LEGI LABORIS.<\/p>\n<p>L\u2019\u00fas no autoritzat de la informaci\u00f3 que s\u2019inclou en la P\u00e0gina Web, aix\u00ed com qualsevol mal als drets de propietat intel\u00b7lectual de LEGI LABORIS, resultar\u00e0 en les responsabilitats establertes per la llei.<\/p>\n<h2>Enlla\u00e7os<\/h2>\n<p>LEGI LABORIS no autoritza que es publiqui cap enlla\u00e7 que redirigeixi a la P\u00e0gina Web en altres p\u00e0gines web que continguin materials, informaci\u00f3 o continguts il\u00b7l\u00edcits, il\u00b7legals, degradants, obscens i, en general, que vagin en contra de la llei, la moralitat o l\u2019ordre p\u00fablic, o les normes socials generalment acceptades.<\/p>\n<p>LEGI LABORIS no t\u00e9 facultat ni mitjans t\u00e8cnics ni humans per a saber, controlar o aprovar tota la informaci\u00f3, contingut, productes o serveis facilitats per altres p\u00e0gines web que hagin publicat enlla\u00e7os que redirigeixin a la P\u00e0gina Web. LEGI LABORIS no assumir\u00e0 cap responsabilitat per cap aspecte relacionat amb les p\u00e0gines web que publiquin un enlla\u00e7 web d\u2019aquest tipus.<\/p>\n<p>En qualsevol cas, LEGI LABORIS es reserva el dret a prohibir enlla\u00e7os que redirigeixin a la P\u00e0gina Web i sol\u00b7licitar que s\u2019eliminin quan no compleixin amb les condicions estipulades en aquest apartat.<\/p>\n<h2>Condicions d\u2019\u00fas de la p\u00e0gina web<\/h2>\n<p>Queda prohibit accedir o utilitzar la P\u00e0gina Web per a fins il\u00b7legals o no autoritzats, amb o sense fins econ\u00f2mics, i m\u00e9s espec\u00edficament, a t\u00edtol enunciatiu, per\u00f2 no limitatiu, queda prohibit el seg\u00fcent i, per tant, les conseq\u00fc\u00e8ncies derivades seran responsabilitat exclusiva de l\u2019Usuari:<\/p>\n<ol>\n<li>Utilitzar la P\u00e0gina Web de qualsevol forma que pugui causar danys, interrupcions, inefici\u00e8ncies o defectes en el seu funcionament o en l\u2019ordinador d\u2019un tercer.<\/li>\n<li>Utilitzar la P\u00e0gina Web per a transmetre, instal\u00b7lar o publicar qualsevol virus, codi malici\u00f3s o altres programes o arxius nocius.<\/li>\n<li>Utilitzar la P\u00e0gina Web per a recopilar dades personals d\u2019altres usuaris.<\/li>\n<li>Registrar-se o comunicar-se amb LEGI LABORIS a trav\u00e9s de la P\u00e0gina Web sota una identitat falsa, facilitant dades o informaci\u00f3 falsos, fent-se passar per tercers o duent a terme qualsevol altra acci\u00f3 que pugui confondre a altres usuaris respecte a la identitat de l\u2019origen d\u2019un missatge.<\/li>\n<li>Accedir de forma no autoritzada a qualsevol secci\u00f3 de la P\u00e0gina Web, altres sistemes o xarxes connectats a aquesta, qualsevol servidor o servei de LEGI LABORIS ofert a trav\u00e9s de la P\u00e0gina Web, per mitj\u00e0 de pirateig o falsificaci\u00f3, robatori de contrasenyes o altres mitjans il\u00b7leg\u00edtims.<\/li>\n<li>Violar o intentar violar les mesures de seguretat o l\u2019autenticaci\u00f3 de la P\u00e0gina Web o qualsevol xarxa connectada a aquesta, o les mesures de seguretat o protecci\u00f3 inherents al contingut que s\u2019ofereix en la P\u00e0gina Web.<\/li>\n<\/ol>\n<p>Aix\u00ed mateix, la P\u00e0gina Web t\u00e9 enlla\u00e7os a perfils en xarxes socials de LEGI LABORIS, on els Usuaris poden publicar comentaris i contingut. LEGI LABORIS no pot controlar l\u2019\u00fas que altres Usuaris fan d\u2019aquest contingut i, per tant, no ser\u00e0 responsable d\u2019aquest. No obstant aix\u00f2, LEGI LABORIS es reserva el dret a monitorar i\/o moderar qualsevol contingut publicat pels Usuaris i a eliminar-lo \u00edntegrament o en part en cas que es violi els disposat en el present Av\u00eds Legal o en la <a href=\"https:\/\/www.legilaboris.cat\/ca\/politica-de-privacitat\/\">Pol\u00edtica de Privacitat<\/a>. En particular, queda estrictament prohibit publicar contingut:<\/p>\n<ol>\n<li>Que pugui considerar-se una violaci\u00f3 en qualsevol forma dels drets fonamentals a l\u2019honor, la privacitat personal i familiar o la imatge personal de tercers, i especialment de menors, o qualsevol altre dret o llibertat fonamental.<\/li>\n<li>Que inclogui o enlla\u00e7 a fotografies que recopilin imatges o dades personals de tercers sense haver obtingut el consentiment pertinent dels seus propietaris.<\/li>\n<li>Que violi la confidencialitat de les comunicacions o que impliqui una vulneraci\u00f3 dels drets de propietat intel\u00b7lectual o de les pol\u00edtiques que regulen la protecci\u00f3 de dades personals.<\/li>\n<li>Que contingui qualsevol material o Informaci\u00f3 que sigui il\u00b7legal, racista, obscena, pornogr\u00e0fica, abusiva, difamat\u00f2ria, enganyosa, fraudulenta o contr\u00e0ria de qualsevol forma a la moralitat o l\u2019ordre p\u00fablic.<\/li>\n<li>Que contingui \u201cspam\u201d i\/o enlla\u00e7os a llocs no relacionats amb l\u2019espai corresponent.<\/li>\n<li>Aix\u00f2 inclou publicitat o comunicacions comercials per a l\u2019emissi\u00f3 de missatges amb finalitats publicitaris o per a la recopilaci\u00f3 de dades amb la mateixa fi, i especialment qualsevol tipus d\u2019informaci\u00f3, element o contingut que constitueixi publicitat il\u00b7l\u00edcita o injusta.<\/li>\n<\/ol>\n<p>L\u2019incompliment de l\u2019Usuari de qualsevol d\u2019aquests termes d\u2019\u00fas podr\u00e0 resultar en l\u2019adopci\u00f3 per part de LEGI LABORIS de les mesures oportunes de conformitat amb la llei i en exercici dels seus drets o obligacions.<\/p>\n<p>LEGI LABORIS podr\u00e0 impedir l\u2019acc\u00e9s a la P\u00e0gina Web o la capacitat per a participar en els espais facilitats en la mateixa als Usuaris que violin aquestes condicions, sense possibilitat de cap compensaci\u00f3 pels danys causats.<\/p>\n<h2>Responsabilitat i garanties<\/h2>\n<p>LEGI LABORIS no pot garantir la fiabilitat, utilitat, actualitat o precisi\u00f3 d\u2019absolutament tota la informaci\u00f3 i\/o serveis en la P\u00e0gina Web.<\/p>\n<p>Per tant, LEGI LABORIS no garanteix i no ser\u00e0 responsable per: (i) la veracitat i continu\u00eftat dels continguts de la P\u00e0gina Web; (ii) l\u2019abs\u00e8ncia d\u2019errors en aquest contingut; (iii) l\u2019abs\u00e8ncia de virus i\/o altres components maliciosos en la P\u00e0gina Web o en el servidor que la subministra; (iv) el mal causat a l\u2019equip inform\u00e0tic d\u2019Usuaris o tercers durant la prestaci\u00f3 del servei de la P\u00e0gina Web; (v) la invulnerabilitat de la P\u00e0gina Web i\/o la impossibilitat de violar les mesures de seguretat adoptades en aquesta; (vaig veure) danys de qualsevol tipus causats a l\u2019Usuari que es derivin de fallades o desconnexions en xarxes de telecomunicacions que causin la suspensi\u00f3, cancel\u00b7laci\u00f3 o interrupci\u00f3 del servei durant la prestaci\u00f3 del mateix o abans, i (viii) danys causats a ell mateix o a un tercer, qualsevol persona que violi les condicions, normes i instruccions que LEGI LABORIS estableix en relaci\u00f3 a la P\u00e0gina Web o a trav\u00e9s de la violaci\u00f3 dels seus sistemes de seguretat.<\/p>\n<p>Sense perjudici de l\u2019anterior, LEGI LABORIS declara haver adoptat totes les mesures necess\u00e0ries, dins de les seves possibilitats i segons l\u2019\u00faltima tecnologia, per a assegurar les funcions de la P\u00e0gina Web i minimitzar els errors del sistema, des del punt de vista del contingut i t\u00e8cnic.<\/p>\n<p>Si l\u2019Usuari t\u00e9 coneixement de la publicaci\u00f3 de qualsevol informaci\u00f3 imprecisa, desactualizada i falsa o de l\u2019exist\u00e8ncia de qualsevol contingut il\u00b7l\u00edcit, il\u00b7legal, contrari a la llei o que pugui implicar una violaci\u00f3 dels drets de propietat intel\u00b7lectual, de la legislaci\u00f3 aplicable en mat\u00e8ria de protecci\u00f3 de dades i\/o qualsevol altre dret, ha de notificar immediatament a LEGI LABORIS perqu\u00e8 aquesta pugui adoptar les mesures adequades.<\/p>\n<h2>Privacitat i Pol\u00edtica de Cookies<\/h2>\n<p>En algunes ocasions, es requereix que l\u2019Usuari faciliti una certa informaci\u00f3 personal en la nostra P\u00e0gina Web. A m\u00e9s, algunes funcions de la P\u00e0gina Web depenen de l\u2019\u00fas de les Cookies. Per a m\u00e9s Informaci\u00f3 sobre el tractament de les seves dades personals i l\u2019\u00fas de Cookies, et convidem que consulti la nostra <a href=\"https:\/\/www.legilaboris.cat\/ca\/politica-de-privacitat\/\">Pol\u00edtica de Privacitat<\/a> i la nostra <a href=\"https:\/\/www.legilaboris.cat\/ca\/politica-de-cookies\/\">Pol\u00ed\u00adtica de Cookies<\/a>.<\/p>\n<p>Quan l\u2019Usuari facilita dades personals, l\u2019Usuari \u00e9s l\u2019\u00fanic responsable de la veracitat i precisi\u00f3 d\u2019aquestes dades, per la qual cosa ha de notificar a LEGI LABORIS sobre qualsevol actualitzaci\u00f3 d\u2019aquests al m\u00e9s aviat possible.<\/p>\n<h2>Nul\u00b7litat i inefic\u00e0cia de les cl\u00e0usules<\/h2>\n<p>Si es declara que qualsevol cl\u00e0usula inclosa en aquest Av\u00eds Legal \u00e9s, \u00edntegrament o en part, nul\u00b7la o inefica\u00e7, aquesta nul\u00b7litat o inefic\u00e0cia afectar\u00e0 \u00fanicament la disposici\u00f3 o la part d\u2019aquesta que es consideri nul\u00b7la o inefica\u00e7, sense que es vegin afectats els altres aspectes del present Av\u00eds Legal, i aquesta disposici\u00f3 o part d\u2019aquesta haur\u00e0 de considerar-se com si no estigu\u00e9s inclosa.<\/p>\n<h2>Legislaci\u00f3 aplicable i jurisdicci\u00f3 competent<\/h2>\n<p>Les disposicions del present Av\u00eds Legal estaran regulades per les lleis d\u2019Espanya. Les parts se sotmeten expressament, per a la resoluci\u00f3 de conflictes i renunciant a qualsevol altra jurisdicci\u00f3, als jutjats i tribunals de la ciutat de Sabadell, tret que la llei indiqui el contrari, i en aquest cas estaran subjectes al seu contingut.<\/p>\n<p>Per a presentar reclamacions per l\u2019\u00fas dels nostres serveis, pot contactar amb nosaltres per correu a l\u2019adre\u00e7a d\u2019email o f\u00edsica indicades en l\u2019encap\u00e7alament del present Av\u00eds Legal. LEGI LABORIS es compromet a buscar en tot moment una soluci\u00f3 amistosa en cas de conflicte.<\/p>\n<h2>Interrelaci\u00f3 amb altres textos legals<\/h2>\n<p>El present Av\u00eds Legal est\u00e0 complementat per\u00a0 la <a href=\"https:\/\/www.legilaboris.cat\/ca\/politica-de-privacitat\/\">Pol\u00edtica de Privacitat<\/a> i la <a href=\"https:\/\/www.legilaboris.cat\/ca\/politica-de-cookies\/\">Pol\u00ed\u00adtica de Cookies<\/a> . Tot aix\u00f2 sense perjudici de qualsevol altra regulaci\u00f3 o text legal que sigui necessari afegir, complementar, o b\u00e9 tenir en compte en compliment del que es disposa en la legislaci\u00f3 vigent a cada moment.<\/p>\n\t\t\t\t\t\t\t\t<\/div>\n\t\t\t\t<\/div>\n\t\t\t\t\t<\/div>\n\t\t\t\t<\/div>\n\t\t\t\t<\/div>\n\t\t","protected":false},"excerpt":{"rendered":"<p>Quin \u00e9s l\u2019objectiu d\u2019aquest av\u00eds legal? Des de LEGI LABORIS, S.L.P., (d\u2019ara endavant, \u201cLEGI LABORIS\u201d, \u201cnosaltres\u201d, \u201cel nostre\/s, la nostra\/s\u201d, \u201cens\u201d) volem oferir-te, com a usuari (d\u2019ara endavant, \u201cUsuari\u201d, \u201ctu\u201d, \u201ca tu\u201d i \u201cteu\/va\u201d), una experi\u00e8ncia de navegaci\u00f3 i un servei segur i de confian\u00e7a en la nostra p\u00e0gina web amb domini https:\/\/www.legilaboris.cat (&#8220;P\u00e0gina Web&#8221;). [&hellip;]<\/p>\n","protected":false},"author":2,"featured_media":0,"parent":0,"menu_order":0,"comment_status":"closed","ping_status":"closed","template":"","meta":{"_acf_changed":false,"footnotes":""},"class_list":["post-1636","page","type-page","status-publish","hentry"],"acf":[],"yoast_head":"<!-- This site is optimized with the Yoast SEO plugin v27.4 - https:\/\/yoast.com\/product\/yoast-seo-wordpress\/ -->\n<title>Av\u00ed\u00ads Legal - LEGI LABORIS ADVOCATS<\/title>\n<meta name=\"robots\" content=\"noindex, nofollow\" \/>\n<meta property=\"og:locale\" content=\"ca_ES\" \/>\n<meta property=\"og:type\" content=\"article\" \/>\n<meta property=\"og:title\" content=\"Av\u00ed\u00ads Legal - LEGI LABORIS ADVOCATS\" \/>\n<meta property=\"og:description\" content=\"Quin \u00e9s l\u2019objectiu d\u2019aquest av\u00eds legal? Des de LEGI LABORIS, S.L.P., (d\u2019ara endavant, \u201cLEGI LABORIS\u201d, \u201cnosaltres\u201d, \u201cel nostre\/s, la nostra\/s\u201d, \u201cens\u201d) volem oferir-te, com a usuari (d\u2019ara endavant, \u201cUsuari\u201d, \u201ctu\u201d, \u201ca tu\u201d i \u201cteu\/va\u201d), una experi\u00e8ncia de navegaci\u00f3 i un servei segur i de confian\u00e7a en la nostra p\u00e0gina web amb domini https:\/\/www.legilaboris.cat (&#8220;P\u00e0gina Web&#8221;). [&hellip;]\" \/>\n<meta property=\"og:url\" content=\"https:\/\/www.legilaboris.cat\/ca\/avis-legal\/\" \/>\n<meta property=\"og:site_name\" content=\"LEGI LABORIS ADVOCATS\" \/>\n<meta property=\"article:modified_time\" content=\"2024-09-24T14:22:09+00:00\" \/>\n<meta name=\"twitter:card\" content=\"summary_large_image\" \/>\n<script type=\"application\/ld+json\" class=\"yoast-schema-graph\">{\"@context\":\"https:\\\/\\\/schema.org\",\"@graph\":[{\"@type\":\"WebPage\",\"@id\":\"https:\\\/\\\/www.legilaboris.cat\\\/ca\\\/avis-legal\\\/\",\"url\":\"https:\\\/\\\/www.legilaboris.cat\\\/ca\\\/avis-legal\\\/\",\"name\":\"Av\u00ed\u00ads Legal - LEGI LABORIS ADVOCATS\",\"isPartOf\":{\"@id\":\"https:\\\/\\\/www.legilaboris.cat\\\/ca\\\/#website\"},\"datePublished\":\"2022-04-26T15:09:58+00:00\",\"dateModified\":\"2024-09-24T14:22:09+00:00\",\"breadcrumb\":{\"@id\":\"https:\\\/\\\/www.legilaboris.cat\\\/ca\\\/avis-legal\\\/#breadcrumb\"},\"inLanguage\":\"ca\",\"potentialAction\":[{\"@type\":\"ReadAction\",\"target\":[\"https:\\\/\\\/www.legilaboris.cat\\\/ca\\\/avis-legal\\\/\"]}]},{\"@type\":\"BreadcrumbList\",\"@id\":\"https:\\\/\\\/www.legilaboris.cat\\\/ca\\\/avis-legal\\\/#breadcrumb\",\"itemListElement\":[{\"@type\":\"ListItem\",\"position\":1,\"name\":\"Portada\",\"item\":\"https:\\\/\\\/www.legilaboris.cat\\\/ca\\\/\"},{\"@type\":\"ListItem\",\"position\":2,\"name\":\"Av\u00ed\u00ads Legal\"}]},{\"@type\":\"WebSite\",\"@id\":\"https:\\\/\\\/www.legilaboris.cat\\\/ca\\\/#website\",\"url\":\"https:\\\/\\\/www.legilaboris.cat\\\/ca\\\/\",\"name\":\"LEGI LABORIS ADVOCATS\",\"description\":\"Abogados especialistas en derecho laboral y seguridad social\",\"potentialAction\":[{\"@type\":\"SearchAction\",\"target\":{\"@type\":\"EntryPoint\",\"urlTemplate\":\"https:\\\/\\\/www.legilaboris.cat\\\/ca\\\/?s={search_term_string}\"},\"query-input\":{\"@type\":\"PropertyValueSpecification\",\"valueRequired\":true,\"valueName\":\"search_term_string\"}}],\"inLanguage\":\"ca\"}]}<\/script>\n<!-- \/ Yoast SEO plugin. -->","yoast_head_json":{"title":"Av\u00ed\u00ads Legal - LEGI LABORIS ADVOCATS","robots":{"index":"noindex","follow":"nofollow"},"og_locale":"ca_ES","og_type":"article","og_title":"Av\u00ed\u00ads Legal - LEGI LABORIS ADVOCATS","og_description":"Quin \u00e9s l\u2019objectiu d\u2019aquest av\u00eds legal? Des de LEGI LABORIS, S.L.P., (d\u2019ara endavant, \u201cLEGI LABORIS\u201d, \u201cnosaltres\u201d, \u201cel nostre\/s, la nostra\/s\u201d, \u201cens\u201d) volem oferir-te, com a usuari (d\u2019ara endavant, \u201cUsuari\u201d, \u201ctu\u201d, \u201ca tu\u201d i \u201cteu\/va\u201d), una experi\u00e8ncia de navegaci\u00f3 i un servei segur i de confian\u00e7a en la nostra p\u00e0gina web amb domini https:\/\/www.legilaboris.cat (&#8220;P\u00e0gina Web&#8221;). [&hellip;]","og_url":"https:\/\/www.legilaboris.cat\/ca\/avis-legal\/","og_site_name":"LEGI LABORIS ADVOCATS","article_modified_time":"2024-09-24T14:22:09+00:00","twitter_card":"summary_large_image","schema":{"@context":"https:\/\/schema.org","@graph":[{"@type":"WebPage","@id":"https:\/\/www.legilaboris.cat\/ca\/avis-legal\/","url":"https:\/\/www.legilaboris.cat\/ca\/avis-legal\/","name":"Av\u00ed\u00ads Legal - LEGI LABORIS ADVOCATS","isPartOf":{"@id":"https:\/\/www.legilaboris.cat\/ca\/#website"},"datePublished":"2022-04-26T15:09:58+00:00","dateModified":"2024-09-24T14:22:09+00:00","breadcrumb":{"@id":"https:\/\/www.legilaboris.cat\/ca\/avis-legal\/#breadcrumb"},"inLanguage":"ca","potentialAction":[{"@type":"ReadAction","target":["https:\/\/www.legilaboris.cat\/ca\/avis-legal\/"]}]},{"@type":"BreadcrumbList","@id":"https:\/\/www.legilaboris.cat\/ca\/avis-legal\/#breadcrumb","itemListElement":[{"@type":"ListItem","position":1,"name":"Portada","item":"https:\/\/www.legilaboris.cat\/ca\/"},{"@type":"ListItem","position":2,"name":"Av\u00ed\u00ads Legal"}]},{"@type":"WebSite","@id":"https:\/\/www.legilaboris.cat\/ca\/#website","url":"https:\/\/www.legilaboris.cat\/ca\/","name":"LEGI LABORIS ADVOCATS","description":"Abogados especialistas en derecho laboral y seguridad social","potentialAction":[{"@type":"SearchAction","target":{"@type":"EntryPoint","urlTemplate":"https:\/\/www.legilaboris.cat\/ca\/?s={search_term_string}"},"query-input":{"@type":"PropertyValueSpecification","valueRequired":true,"valueName":"search_term_string"}}],"inLanguage":"ca"}]}},"_links":{"self":[{"href":"https:\/\/www.legilaboris.cat\/ca\/wp-json\/wp\/v2\/pages\/1636","targetHints":{"allow":["GET"]}}],"collection":[{"href":"https:\/\/www.legilaboris.cat\/ca\/wp-json\/wp\/v2\/pages"}],"about":[{"href":"https:\/\/www.legilaboris.cat\/ca\/wp-json\/wp\/v2\/types\/page"}],"author":[{"embeddable":true,"href":"https:\/\/www.legilaboris.cat\/ca\/wp-json\/wp\/v2\/users\/2"}],"replies":[{"embeddable":true,"href":"https:\/\/www.legilaboris.cat\/ca\/wp-json\/wp\/v2\/comments?post=1636"}],"version-history":[{"count":9,"href":"https:\/\/www.legilaboris.cat\/ca\/wp-json\/wp\/v2\/pages\/1636\/revisions"}],"predecessor-version":[{"id":2510,"href":"https:\/\/www.legilaboris.cat\/ca\/wp-json\/wp\/v2\/pages\/1636\/revisions\/2510"}],"wp:attachment":[{"href":"https:\/\/www.legilaboris.cat\/ca\/wp-json\/wp\/v2\/media?parent=1636"}],"curies":[{"name":"wp","href":"https:\/\/api.w.org\/{rel}","templated":true}]}}